{"articles":[{"classes":["outercol"],"isFavourite":false,"isExternalUrl":{"articleLink":false},"articleListButtonsData":{"buttonsList":[{"label":"Les mer","url":"\/bodo2024-European-Capital-of-Culture\/?Article=818","type":"readmore"}],"mode":"default"},"favouriteType":null,"mnu":null,"section":null,"displayId":true,"docId":818,"identifier":"818Article","docType":"Article","customDate":false,"teaserData":{"teaserText":"","mode":"default"},"content":{"teaser":"","intro":"Avslutningskonserten under Bod\u00f8 Internasjonale Orgelfestival \u00a0inng\u00e5r i programmet til ARCTICulations of Faith\/BOD\u00d82024, og blir et m\u00f8te med en av v\u00e5re mest kjente og kj\u00e6re folkemusikere, Gjermund Larsen."},"titles":{"main":"PILEGRIM \u2013 konsert med Gjermund Larsen","readMoreButton":"Les mer"},"urls":{"readMore":"\/bodo2024-European-Capital-of-Culture\/?Article=818","booking":null},"created":{"date":"18.10.2024","time":"16:43","timestamp":1729262580},"introAllowHtml":false,"hasTicket":false,"extra":null,"hasReadMore":true,"media":{"imageData":{"path":"\/sites\/k\/kin.no\/files\/2024\/11\/bilde_gjermund_larsen_redigert.jpg","width":1915,"height":1199,"aspectRatio":1.5971643035863219},"previewImageUrl":"\/sites\/k\/kin.no\/files\/2024\/11\/bilde_gjermund_larsen_redigert.jpg?cropToFit=100x59&quality=50","imageVariants":[{"path":"\/sites\/k\/kin.no\/files\/2024\/11\/bilde_gjermund_larsen_redigert.jpg?cropToFit=100x59&quality=75","width":100,"height":59,"aspectRatio":1.694915254237288},{"path":"\/sites\/k\/kin.no\/files\/2024\/11\/bilde_gjermund_larsen_redigert.jpg?cropToFit=200x118&quality=75","width":200,"height":118,"aspectRatio":1.694915254237288},{"path":"\/sites\/k\/kin.no\/files\/2024\/11\/bilde_gjermund_larsen_redigert.jpg?cropToFit=400x235&quality=75","width":400,"height":235,"aspectRatio":1.702127659574468},{"path":"\/sites\/k\/kin.no\/files\/2024\/11\/bilde_gjermund_larsen_redigert.jpg?cropToFit=600x353&quality=75","width":600,"height":353,"aspectRatio":1.6997167138810199},{"path":"\/sites\/k\/kin.no\/files\/2024\/11\/bilde_gjermund_larsen_redigert.jpg?cropToFit=800x471&quality=75","width":800,"height":471,"aspectRatio":1.6985138004246285},{"path":"\/sites\/k\/kin.no\/files\/2024\/11\/bilde_gjermund_larsen_redigert.jpg?cropToFit=1000x588&quality=75","width":1000,"height":588,"aspectRatio":1.7006802721088434},{"path":"\/sites\/k\/kin.no\/files\/2024\/11\/bilde_gjermund_larsen_redigert.jpg?cropToFit=1200x706&quality=75","width":1200,"height":706,"aspectRatio":1.6997167138810199}],"image":"\/sites\/k\/kin.no\/files\/2024\/11\/bilde_gjermund_larsen_redigert.jpg","aspect":1.694915254237288,"type":"image","description":null},"additionalData":[]},{"classes":["outercol"],"isFavourite":false,"isExternalUrl":{"articleLink":false},"articleListButtonsData":{"buttonsList":[{"label":"Les mer","url":"\/bodo2024-European-Capital-of-Culture\/?Article=683","type":"readmore"}],"mode":"default"},"favouriteType":null,"mnu":null,"section":null,"displayId":true,"docId":683,"identifier":"683Article","docType":"Article","customDate":false,"teaserData":{"teaserText":"","mode":"default"},"content":{"teaser":"","intro":"Den 5. juni var det offisiell \u00e5pning av den flotte kunstutstillingen i avisform, kunstavisen \"Ka du trur\" av og med elevene i visuell kunst i Bod\u00f8 kulturskole. Her vises deres tanker om livets store sp\u00f8rsm\u00e5l i ord og bilder."},"titles":{"main":"H\u00f8ytidelig \u00e5pning av kunstavisen \"Ka du trur\"","readMoreButton":"Les mer"},"urls":{"readMore":"\/bodo2024-European-Capital-of-Culture\/?Article=683","booking":null},"created":{"date":"06.06.2024","time":"15:18","timestamp":1717679880},"introAllowHtml":false,"hasTicket":false,"extra":null,"hasReadMore":true,"media":{"imageData":{"path":"\/sites\/k\/kin.no\/files\/2024\/06\/img_3525_2.jpg","width":4032,"height":3024,"aspectRatio":1.3333333333333333},"previewImageUrl":"\/sites\/k\/kin.no\/files\/2024\/06\/img_3525_2.jpg?cropToFit=100x59&quality=50","imageVariants":[{"path":"\/sites\/k\/kin.no\/files\/2024\/06\/img_3525_2.jpg?cropToFit=100x59&quality=75","width":100,"height":59,"aspectRatio":1.694915254237288},{"path":"\/sites\/k\/kin.no\/files\/2024\/06\/img_3525_2.jpg?cropToFit=200x118&quality=75","width":200,"height":118,"aspectRatio":1.694915254237288},{"path":"\/sites\/k\/kin.no\/files\/2024\/06\/img_3525_2.jpg?cropToFit=400x235&quality=75","width":400,"height":235,"aspectRatio":1.702127659574468},{"path":"\/sites\/k\/kin.no\/files\/2024\/06\/img_3525_2.jpg?cropToFit=600x353&quality=75","width":600,"height":353,"aspectRatio":1.6997167138810199},{"path":"\/sites\/k\/kin.no\/files\/2024\/06\/img_3525_2.jpg?cropToFit=800x471&quality=75","width":800,"height":471,"aspectRatio":1.6985138004246285},{"path":"\/sites\/k\/kin.no\/files\/2024\/06\/img_3525_2.jpg?cropToFit=1000x588&quality=75","width":1000,"height":588,"aspectRatio":1.7006802721088434},{"path":"\/sites\/k\/kin.no\/files\/2024\/06\/img_3525_2.jpg?cropToFit=1200x706&quality=75","width":1200,"height":706,"aspectRatio":1.6997167138810199}],"image":"\/sites\/k\/kin.no\/files\/2024\/06\/img_3525_2.jpg","aspect":1.694915254237288,"type":"image","description":"Ideskaper og kunstl\u00e6rer Lilli Kanck"},"additionalData":[]},{"classes":["outercol"],"isFavourite":false,"isExternalUrl":{"articleLink":false},"articleListButtonsData":{"buttonsList":[{"label":"Les mer","url":"\/bodo2024-European-Capital-of-Culture\/Faith-programmet-Bodo-2024","type":"readmore"}],"mode":"default"},"favouriteType":null,"mnu":null,"section":null,"displayId":true,"docId":310,"identifier":"310Article","docType":"Article","customDate":false,"teaserData":{"teaserText":"","mode":"default"},"content":{"teaser":"","intro":"ARCTICulations of Faith er en del av programmeringen til BOD\u00d82024, som gjennom ulike kunstuttrykk skal vise hvordan religion og tro har v\u00e6rt \u2013 og er \u2013 fundamental for menneskers livstolkning og livsbetingelser i nord. \r\nNedenfor kan du lese om programmet slik det begynner \u00e5 ta form:"},"titles":{"main":"ARCTICulations of Faith-programmet 2024","readMoreButton":"Les mer"},"urls":{"readMore":"\/bodo2024-European-Capital-of-Culture\/Faith-programmet-Bodo-2024","booking":null},"created":{"date":"08.11.2023","time":"15:12","timestamp":1699452720},"introAllowHtml":false,"hasTicket":false,"extra":null,"hasReadMore":true,"media":{"imageData":{"path":"\/sites\/k\/kin.no\/files\/tempel_front.jpg","width":4004,"height":3280,"aspectRatio":1.2207317073170731},"previewImageUrl":"\/sites\/k\/kin.no\/files\/tempel_front.jpg?cropToFit=100x59&quality=50","imageVariants":[{"path":"\/sites\/k\/kin.no\/files\/tempel_front.jpg?cropToFit=100x59&quality=75","width":100,"height":59,"aspectRatio":1.694915254237288},{"path":"\/sites\/k\/kin.no\/files\/tempel_front.jpg?cropToFit=200x118&quality=75","width":200,"height":118,"aspectRatio":1.694915254237288},{"path":"\/sites\/k\/kin.no\/files\/tempel_front.jpg?cropToFit=400x235&quality=75","width":400,"height":235,"aspectRatio":1.702127659574468},{"path":"\/sites\/k\/kin.no\/files\/tempel_front.jpg?cropToFit=600x353&quality=75","width":600,"height":353,"aspectRatio":1.6997167138810199},{"path":"\/sites\/k\/kin.no\/files\/tempel_front.jpg?cropToFit=800x471&quality=75","width":800,"height":471,"aspectRatio":1.6985138004246285},{"path":"\/sites\/k\/kin.no\/files\/tempel_front.jpg?cropToFit=1000x588&quality=75","width":1000,"height":588,"aspectRatio":1.7006802721088434},{"path":"\/sites\/k\/kin.no\/files\/tempel_front.jpg?cropToFit=1200x706&quality=75","width":1200,"height":706,"aspectRatio":1.6997167138810199}],"image":"\/sites\/k\/kin.no\/files\/tempel_front.jpg","aspect":1.694915254237288,"type":"image","description":null},"additionalData":[]},{"classes":["outercol"],"isFavourite":false,"isExternalUrl":{"articleLink":false},"articleListButtonsData":{"buttonsList":[{"label":"Les mer","url":"\/bodo2024-European-Capital-of-Culture\/nyttprosjekt","type":"readmore"}],"mode":"default"},"favouriteType":null,"mnu":null,"section":null,"displayId":true,"docId":57,"identifier":"57Article","docType":"Article","customDate":false,"teaserData":{"teaserText":"","mode":"default"},"content":{"teaser":"","intro":"Kirkemusikksenter Nord administrerer ARCTICulations of Faith, et delprosjekt under BOD\u00d82024 "},"titles":{"main":"ARCTICulations of Faith (BOD\u00d82024)","readMoreButton":"Les mer"},"urls":{"readMore":"\/bodo2024-European-Capital-of-Culture\/nyttprosjekt","booking":null},"created":{"date":"19.10.2021","time":"21:22","timestamp":1634671320},"introAllowHtml":false,"hasTicket":false,"extra":null,"hasReadMore":true,"media":{"imageData":{"path":"\/sites\/k\/kin.no\/files\/bod__2024_logo_main_medium_web.png","width":1200,"height":995,"aspectRatio":1.2060301507537687},"previewImageUrl":"\/sites\/k\/kin.no\/files\/bod__2024_logo_main_medium_web.png?cropToFit=100x59&quality=50","imageVariants":[{"path":"\/sites\/k\/kin.no\/files\/bod__2024_logo_main_medium_web.png?cropToFit=100x59&quality=75","width":100,"height":59,"aspectRatio":1.694915254237288},{"path":"\/sites\/k\/kin.no\/files\/bod__2024_logo_main_medium_web.png?cropToFit=200x118&quality=75","width":200,"height":118,"aspectRatio":1.694915254237288},{"path":"\/sites\/k\/kin.no\/files\/bod__2024_logo_main_medium_web.png?cropToFit=400x235&quality=75","width":400,"height":235,"aspectRatio":1.702127659574468},{"path":"\/sites\/k\/kin.no\/files\/bod__2024_logo_main_medium_web.png?cropToFit=600x353&quality=75","width":600,"height":353,"aspectRatio":1.6997167138810199},{"path":"\/sites\/k\/kin.no\/files\/bod__2024_logo_main_medium_web.png?cropToFit=800x471&quality=75","width":800,"height":471,"aspectRatio":1.6985138004246285},{"path":"\/sites\/k\/kin.no\/files\/bod__2024_logo_main_medium_web.png?cropToFit=1000x588&quality=75","width":1000,"height":588,"aspectRatio":1.7006802721088434},{"path":"\/sites\/k\/kin.no\/files\/bod__2024_logo_main_medium_web.png?cropToFit=1200x706&quality=75","width":1200,"height":706,"aspectRatio":1.6997167138810199}],"image":"\/sites\/k\/kin.no\/files\/bod__2024_logo_main_medium_web.png","aspect":1.694915254237288,"type":"image","description":null},"additionalData":[]},{"classes":["outercol"],"isFavourite":false,"isExternalUrl":{"articleLink":false},"articleListButtonsData":{"buttonsList":[{"label":"Les mer","url":"\/bodo2024-European-Capital-of-Culture\/?Article=183","type":"readmore"}],"mode":"default"},"favouriteType":null,"mnu":null,"section":null,"displayId":true,"docId":183,"identifier":"183Article","docType":"Article","customDate":false,"teaserData":{"teaserText":"","mode":"default"},"content":{"teaser":"","intro":"ARCTICulations of Faith er et delprosjekt under Bod\u00f82024, der forholdet mellom tro, kunst og kultur i v\u00e5r landsdel st\u00e5r sentralt. Ingen sider ved livet har gjennom historien inspirert til mer kunst, musikk og arkitektur enn religion og menneskers behov for religi\u00f8se uttrykk. Vi vil ha fokus p\u00e5 historien, se p\u00e5 v\u00e5re egne trosuttrykk i dag, og vende blikket mot det som kommer. Vi lever i ei tid der mennesker reiser mye, vi stimuleres av m\u00f8ter med andre kulturer og religi\u00f8se skikker. Dette p\u00e5virker oss og v\u00e5re uttrykk for tro. Bevissthet om egen kultur og historie og \u00e5penhet for verdier fra andre kanter av verden inspirerer til refleksjon. Alt dette skal f\u00e5 komme til uttrykk i utstillinger, forestillinger og kultur-eventer av mange slag i tida framover.  "},"titles":{"main":"ARCTICulations of Faith","readMoreButton":"Les mer"},"urls":{"readMore":"\/bodo2024-European-Capital-of-Culture\/?Article=183","booking":null},"created":{"date":"25.01.2023","time":"10:54","timestamp":1674640440},"introAllowHtml":false,"hasTicket":false,"extra":null,"hasReadMore":true,"media":{"imageData":{"path":"\/sites\/k\/kin.no\/files\/gildesk__l_tollef_5.jpg","width":1512,"height":2016,"aspectRatio":0.75},"previewImageUrl":"\/sites\/k\/kin.no\/files\/gildesk__l_tollef_5.jpg?cropToFit=100x59&quality=50","imageVariants":[{"path":"\/sites\/k\/kin.no\/files\/gildesk__l_tollef_5.jpg?cropToFit=100x59&quality=75","width":100,"height":59,"aspectRatio":1.694915254237288},{"path":"\/sites\/k\/kin.no\/files\/gildesk__l_tollef_5.jpg?cropToFit=200x118&quality=75","width":200,"height":118,"aspectRatio":1.694915254237288},{"path":"\/sites\/k\/kin.no\/files\/gildesk__l_tollef_5.jpg?cropToFit=400x235&quality=75","width":400,"height":235,"aspectRatio":1.702127659574468},{"path":"\/sites\/k\/kin.no\/files\/gildesk__l_tollef_5.jpg?cropToFit=600x353&quality=75","width":600,"height":353,"aspectRatio":1.6997167138810199},{"path":"\/sites\/k\/kin.no\/files\/gildesk__l_tollef_5.jpg?cropToFit=800x471&quality=75","width":800,"height":471,"aspectRatio":1.6985138004246285},{"path":"\/sites\/k\/kin.no\/files\/gildesk__l_tollef_5.jpg?cropToFit=1000x588&quality=75","width":1000,"height":588,"aspectRatio":1.7006802721088434},{"path":"\/sites\/k\/kin.no\/files\/gildesk__l_tollef_5.jpg?cropToFit=1200x706&quality=75","width":1200,"height":706,"aspectRatio":1.6997167138810199}],"image":"\/sites\/k\/kin.no\/files\/gildesk__l_tollef_5.jpg","aspect":1.694915254237288,"type":"image","description":null},"additionalData":[]},{"classes":["outercol"],"isFavourite":false,"isExternalUrl":{"articleLink":false},"articleListButtonsData":{"buttonsList":[{"label":"Les mer","url":"\/bodo2024-European-Capital-of-Culture\/?Article=761","type":"readmore"}],"mode":"default"},"favouriteType":null,"mnu":null,"section":null,"displayId":true,"docId":761,"identifier":"761Article","docType":"Article","customDate":false,"teaserData":{"teaserText":"","mode":"default"},"content":{"teaser":"","intro":"Kunstavisa \"Ka du trur\" er n\u00e5 tilgjengelig digitalt\r\n"},"titles":{"main":"Kunstavisa \"Ka du trur\"","readMoreButton":"Les mer"},"urls":{"readMore":"\/bodo2024-European-Capital-of-Culture\/?Article=761","booking":null},"created":{"date":"09.09.2024","time":"10:22","timestamp":1725870120},"introAllowHtml":false,"hasTicket":false,"extra":null,"hasReadMore":true,"media":{"imageData":{"path":"\/sites\/k\/kin.no\/files\/2024\/04\/bilde_kulturskolen_halvard_erlends__nn_krogh.jpg","width":756,"height":1098,"aspectRatio":0.6885245901639344},"previewImageUrl":"\/sites\/k\/kin.no\/files\/2024\/04\/bilde_kulturskolen_halvard_erlends__nn_krogh.jpg?cropToFit=100x59&quality=50","imageVariants":[{"path":"\/sites\/k\/kin.no\/files\/2024\/04\/bilde_kulturskolen_halvard_erlends__nn_krogh.jpg?cropToFit=100x59&quality=75","width":100,"height":59,"aspectRatio":1.694915254237288},{"path":"\/sites\/k\/kin.no\/files\/2024\/04\/bilde_kulturskolen_halvard_erlends__nn_krogh.jpg?cropToFit=200x118&quality=75","width":200,"height":118,"aspectRatio":1.694915254237288},{"path":"\/sites\/k\/kin.no\/files\/2024\/04\/bilde_kulturskolen_halvard_erlends__nn_krogh.jpg?cropToFit=400x235&quality=75","width":400,"height":235,"aspectRatio":1.702127659574468},{"path":"\/sites\/k\/kin.no\/files\/2024\/04\/bilde_kulturskolen_halvard_erlends__nn_krogh.jpg?cropToFit=600x353&quality=75","width":600,"height":353,"aspectRatio":1.6997167138810199},{"path":"\/sites\/k\/kin.no\/files\/2024\/04\/bilde_kulturskolen_halvard_erlends__nn_krogh.jpg?cropToFit=800x471&quality=75","width":756,"height":445,"aspectRatio":1.698876404494382},{"path":"\/sites\/k\/kin.no\/files\/2024\/04\/bilde_kulturskolen_halvard_erlends__nn_krogh.jpg?cropToFit=1000x588&quality=75","width":756,"height":445,"aspectRatio":1.698876404494382},{"path":"\/sites\/k\/kin.no\/files\/2024\/04\/bilde_kulturskolen_halvard_erlends__nn_krogh.jpg?cropToFit=1200x706&quality=75","width":756,"height":445,"aspectRatio":1.698876404494382}],"image":"\/sites\/k\/kin.no\/files\/2024\/04\/bilde_kulturskolen_halvard_erlends__nn_krogh.jpg","aspect":1.694915254237288,"type":"image","description":null},"additionalData":[]},{"classes":["outercol"],"isFavourite":false,"isExternalUrl":{"articleLink":false},"articleListButtonsData":{"buttonsList":[{"label":"Les mer","url":"\/bodo2024-European-Capital-of-Culture\/?Article=730","type":"readmore"}],"mode":"default"},"favouriteType":null,"mnu":null,"section":null,"displayId":true,"docId":730,"identifier":"730Article","docType":"Article","customDate":false,"teaserData":{"teaserText":"","mode":"default"},"content":{"teaser":"","intro":"Gratulerer med en fantastisk forestilling! \u00c5 KOM\u00b4 HEIM\" \u00a0- et musikalsk spel med Dolstad-kjerko var en stor opplevelse! En stor takk til produsent Martha Mikalsen, produksjonsleder Marit Thrana og hele teamet som har st\u00e5tt p\u00e5 for \u00e5 gjennomf\u00f8re dette prosjektet!"},"titles":{"main":"Premiere i Dolstad kirke - \"\u00c5 KOM\u00b4 HEIM\"\"","readMoreButton":"Les mer"},"urls":{"readMore":"\/bodo2024-European-Capital-of-Culture\/?Article=730","booking":null},"created":{"date":"01.07.2024","time":"12:44","timestamp":1719830640},"introAllowHtml":false,"hasTicket":false,"extra":null,"hasReadMore":true,"media":{"imageData":{"path":"\/sites\/k\/kin.no\/files\/2024\/07\/a___kom_heim__plakat.jpeg","width":1843,"height":1843,"aspectRatio":1},"previewImageUrl":"\/sites\/k\/kin.no\/files\/2024\/07\/a___kom_heim__plakat.jpeg?cropToFit=100x59&quality=50","imageVariants":[{"path":"\/sites\/k\/kin.no\/files\/2024\/07\/a___kom_heim__plakat.jpeg?cropToFit=100x59&quality=75","width":100,"height":59,"aspectRatio":1.694915254237288},{"path":"\/sites\/k\/kin.no\/files\/2024\/07\/a___kom_heim__plakat.jpeg?cropToFit=200x118&quality=75","width":200,"height":118,"aspectRatio":1.694915254237288},{"path":"\/sites\/k\/kin.no\/files\/2024\/07\/a___kom_heim__plakat.jpeg?cropToFit=400x235&quality=75","width":400,"height":235,"aspectRatio":1.702127659574468},{"path":"\/sites\/k\/kin.no\/files\/2024\/07\/a___kom_heim__plakat.jpeg?cropToFit=600x353&quality=75","width":600,"height":353,"aspectRatio":1.6997167138810199},{"path":"\/sites\/k\/kin.no\/files\/2024\/07\/a___kom_heim__plakat.jpeg?cropToFit=800x471&quality=75","width":800,"height":471,"aspectRatio":1.6985138004246285},{"path":"\/sites\/k\/kin.no\/files\/2024\/07\/a___kom_heim__plakat.jpeg?cropToFit=1000x588&quality=75","width":1000,"height":588,"aspectRatio":1.7006802721088434},{"path":"\/sites\/k\/kin.no\/files\/2024\/07\/a___kom_heim__plakat.jpeg?cropToFit=1200x706&quality=75","width":1200,"height":706,"aspectRatio":1.6997167138810199}],"image":"\/sites\/k\/kin.no\/files\/2024\/07\/a___kom_heim__plakat.jpeg","aspect":1.694915254237288,"type":"image","description":null},"additionalData":[]}],"pages":[1],"currentPage":1,"sections":[]}