{"articles":[{"classes":["outercol"],"isFavourite":false,"isExternalUrl":{"articleLink":false},"articleListButtonsData":{"buttonsList":[{"label":"Les mer","url":"\/Faith-programmet-2024\/?Article=370","type":"readmore"}],"mode":"default"},"favouriteType":null,"mnu":null,"section":null,"displayId":true,"docId":370,"identifier":"370Article","docType":"Article","customDate":false,"teaserData":{"teaserText":"","mode":"default"},"content":{"teaser":"","intro":"Dokumentarfilm om speidertroppen \"De makalause\""},"titles":{"main":"De makalause ","readMoreButton":"Les mer"},"urls":{"readMore":"\/Faith-programmet-2024\/?Article=370","booking":null},"created":{"date":"06.01.2024","time":"14:51","timestamp":1704549060},"introAllowHtml":false,"hasTicket":false,"extra":null,"hasReadMore":true,"media":{"imageData":{"path":"\/sites\/k\/kin.no\/files\/2024\/11\/velkommen_til_colosseum__redigert.jpg","width":1588,"height":1191,"aspectRatio":1.3333333333333333},"previewImageUrl":"\/sites\/k\/kin.no\/files\/2024\/11\/velkommen_til_colosseum__redigert.jpg?cropToFit=100x59&quality=50","imageVariants":[{"path":"\/sites\/k\/kin.no\/files\/2024\/11\/velkommen_til_colosseum__redigert.jpg?cropToFit=100x59&quality=75","width":100,"height":59,"aspectRatio":1.694915254237288},{"path":"\/sites\/k\/kin.no\/files\/2024\/11\/velkommen_til_colosseum__redigert.jpg?cropToFit=200x118&quality=75","width":200,"height":118,"aspectRatio":1.694915254237288},{"path":"\/sites\/k\/kin.no\/files\/2024\/11\/velkommen_til_colosseum__redigert.jpg?cropToFit=400x235&quality=75","width":400,"height":235,"aspectRatio":1.702127659574468},{"path":"\/sites\/k\/kin.no\/files\/2024\/11\/velkommen_til_colosseum__redigert.jpg?cropToFit=600x353&quality=75","width":600,"height":353,"aspectRatio":1.6997167138810199},{"path":"\/sites\/k\/kin.no\/files\/2024\/11\/velkommen_til_colosseum__redigert.jpg?cropToFit=800x471&quality=75","width":800,"height":471,"aspectRatio":1.6985138004246285},{"path":"\/sites\/k\/kin.no\/files\/2024\/11\/velkommen_til_colosseum__redigert.jpg?cropToFit=1000x588&quality=75","width":1000,"height":588,"aspectRatio":1.7006802721088434},{"path":"\/sites\/k\/kin.no\/files\/2024\/11\/velkommen_til_colosseum__redigert.jpg?cropToFit=1200x706&quality=75","width":1200,"height":706,"aspectRatio":1.6997167138810199}],"image":"\/sites\/k\/kin.no\/files\/2024\/11\/velkommen_til_colosseum__redigert.jpg","aspect":1.694915254237288,"type":"image","description":null},"additionalData":[]},{"classes":["outercol"],"isFavourite":false,"isExternalUrl":{"articleLink":false},"articleListButtonsData":{"buttonsList":[{"label":" Les mer","url":"\/Faith-programmet-2024\/?Article=374","type":"readmore"}],"mode":"default"},"favouriteType":null,"mnu":null,"section":null,"displayId":true,"docId":374,"identifier":"374Article","docType":"Article","customDate":false,"teaserData":{"teaserText":"","mode":"default"},"content":{"teaser":"","intro":"En oppsummerende konferanse om ARCTICulations of Faith-programmet"},"titles":{"main":"ARCTICulations of Faith \u2013 konferanse ","readMoreButton":" Les mer"},"urls":{"readMore":"\/Faith-programmet-2024\/?Article=374","booking":null},"created":{"date":"06.01.2024","time":"15:00","timestamp":1704549600},"introAllowHtml":false,"hasTicket":false,"extra":null,"hasReadMore":true,"media":{"imageData":{"path":"\/sites\/k\/kin.no\/files\/dah_3cropped.jpg","width":3377,"height":2633,"aspectRatio":1.2825674135966578},"previewImageUrl":"\/sites\/k\/kin.no\/files\/dah_3cropped.jpg?cropToFit=100x59&quality=50","imageVariants":[{"path":"\/sites\/k\/kin.no\/files\/dah_3cropped.jpg?cropToFit=100x59&quality=75","width":100,"height":59,"aspectRatio":1.694915254237288},{"path":"\/sites\/k\/kin.no\/files\/dah_3cropped.jpg?cropToFit=200x118&quality=75","width":200,"height":118,"aspectRatio":1.694915254237288},{"path":"\/sites\/k\/kin.no\/files\/dah_3cropped.jpg?cropToFit=400x235&quality=75","width":400,"height":235,"aspectRatio":1.702127659574468},{"path":"\/sites\/k\/kin.no\/files\/dah_3cropped.jpg?cropToFit=600x353&quality=75","width":600,"height":353,"aspectRatio":1.6997167138810199},{"path":"\/sites\/k\/kin.no\/files\/dah_3cropped.jpg?cropToFit=800x471&quality=75","width":800,"height":471,"aspectRatio":1.6985138004246285},{"path":"\/sites\/k\/kin.no\/files\/dah_3cropped.jpg?cropToFit=1000x588&quality=75","width":1000,"height":588,"aspectRatio":1.7006802721088434},{"path":"\/sites\/k\/kin.no\/files\/dah_3cropped.jpg?cropToFit=1200x706&quality=75","width":1200,"height":706,"aspectRatio":1.6997167138810199}],"image":"\/sites\/k\/kin.no\/files\/dah_3cropped.jpg","aspect":1.694915254237288,"type":"image","description":null},"additionalData":[]},{"classes":["outercol"],"isFavourite":false,"isExternalUrl":{"articleLink":false},"articleListButtonsData":{"buttonsList":[{"label":"Les mer","url":"\/Faith-programmet-2024\/?Article=373","type":"readmore"}],"mode":"default"},"favouriteType":null,"mnu":null,"section":null,"displayId":true,"docId":373,"identifier":"373Article","docType":"Article","customDate":false,"teaserData":{"teaserText":"","mode":"default"},"content":{"teaser":"","intro":"Lysvideokunst p\u00e5 kirkeveggen Bod\u00f8 domkirke"},"titles":{"main":"STI\/PATH - en pilegrimsreise gjennom lysvideokunst  ","readMoreButton":"Les mer"},"urls":{"readMore":"\/Faith-programmet-2024\/?Article=373","booking":null},"created":{"date":"06.01.2024","time":"14:58","timestamp":1704549480},"introAllowHtml":false,"hasTicket":false,"extra":null,"hasReadMore":true,"media":{"imageData":{"path":"\/sites\/k\/kin.no\/files\/2024\/06\/path_bod__2024_illustration_anastasia_isachsen.jpg","width":1920,"height":1920,"aspectRatio":1},"previewImageUrl":"\/sites\/k\/kin.no\/files\/2024\/06\/path_bod__2024_illustration_anastasia_isachsen.jpg?cropToFit=100x59&quality=50","imageVariants":[{"path":"\/sites\/k\/kin.no\/files\/2024\/06\/path_bod__2024_illustration_anastasia_isachsen.jpg?cropToFit=100x59&quality=75","width":100,"height":59,"aspectRatio":1.694915254237288},{"path":"\/sites\/k\/kin.no\/files\/2024\/06\/path_bod__2024_illustration_anastasia_isachsen.jpg?cropToFit=200x118&quality=75","width":200,"height":118,"aspectRatio":1.694915254237288},{"path":"\/sites\/k\/kin.no\/files\/2024\/06\/path_bod__2024_illustration_anastasia_isachsen.jpg?cropToFit=400x235&quality=75","width":400,"height":235,"aspectRatio":1.702127659574468},{"path":"\/sites\/k\/kin.no\/files\/2024\/06\/path_bod__2024_illustration_anastasia_isachsen.jpg?cropToFit=600x353&quality=75","width":600,"height":353,"aspectRatio":1.6997167138810199},{"path":"\/sites\/k\/kin.no\/files\/2024\/06\/path_bod__2024_illustration_anastasia_isachsen.jpg?cropToFit=800x471&quality=75","width":800,"height":471,"aspectRatio":1.6985138004246285},{"path":"\/sites\/k\/kin.no\/files\/2024\/06\/path_bod__2024_illustration_anastasia_isachsen.jpg?cropToFit=1000x588&quality=75","width":1000,"height":588,"aspectRatio":1.7006802721088434},{"path":"\/sites\/k\/kin.no\/files\/2024\/06\/path_bod__2024_illustration_anastasia_isachsen.jpg?cropToFit=1200x706&quality=75","width":1200,"height":706,"aspectRatio":1.6997167138810199}],"image":"\/sites\/k\/kin.no\/files\/2024\/06\/path_bod__2024_illustration_anastasia_isachsen.jpg","aspect":1.694915254237288,"type":"image","description":null},"additionalData":[]},{"classes":["outercol"],"isFavourite":false,"isExternalUrl":{"articleLink":false},"articleListButtonsData":{"buttonsList":[{"label":"Les mer","url":"\/Faith-programmet-2024\/?Article=818","type":"readmore"}],"mode":"default"},"favouriteType":null,"mnu":null,"section":null,"displayId":true,"docId":818,"identifier":"818Article","docType":"Article","customDate":false,"teaserData":{"teaserText":"","mode":"default"},"content":{"teaser":"","intro":"Avslutningskonserten under Bod\u00f8 Internasjonale Orgelfestival \u00a0inng\u00e5r i programmet til ARCTICulations of Faith\/BOD\u00d82024, og blir et m\u00f8te med en av v\u00e5re mest kjente og kj\u00e6re folkemusikere, Gjermund Larsen."},"titles":{"main":"PILEGRIM \u2013 konsert med Gjermund Larsen","readMoreButton":"Les mer"},"urls":{"readMore":"\/Faith-programmet-2024\/?Article=818","booking":null},"created":{"date":"18.10.2024","time":"16:43","timestamp":1729262580},"introAllowHtml":false,"hasTicket":false,"extra":null,"hasReadMore":true,"media":{"imageData":{"path":"\/sites\/k\/kin.no\/files\/2024\/11\/bilde_gjermund_larsen_redigert.jpg","width":1915,"height":1199,"aspectRatio":1.5971643035863219},"previewImageUrl":"\/sites\/k\/kin.no\/files\/2024\/11\/bilde_gjermund_larsen_redigert.jpg?cropToFit=100x59&quality=50","imageVariants":[{"path":"\/sites\/k\/kin.no\/files\/2024\/11\/bilde_gjermund_larsen_redigert.jpg?cropToFit=100x59&quality=75","width":100,"height":59,"aspectRatio":1.694915254237288},{"path":"\/sites\/k\/kin.no\/files\/2024\/11\/bilde_gjermund_larsen_redigert.jpg?cropToFit=200x118&quality=75","width":200,"height":118,"aspectRatio":1.694915254237288},{"path":"\/sites\/k\/kin.no\/files\/2024\/11\/bilde_gjermund_larsen_redigert.jpg?cropToFit=400x235&quality=75","width":400,"height":235,"aspectRatio":1.702127659574468},{"path":"\/sites\/k\/kin.no\/files\/2024\/11\/bilde_gjermund_larsen_redigert.jpg?cropToFit=600x353&quality=75","width":600,"height":353,"aspectRatio":1.6997167138810199},{"path":"\/sites\/k\/kin.no\/files\/2024\/11\/bilde_gjermund_larsen_redigert.jpg?cropToFit=800x471&quality=75","width":800,"height":471,"aspectRatio":1.6985138004246285},{"path":"\/sites\/k\/kin.no\/files\/2024\/11\/bilde_gjermund_larsen_redigert.jpg?cropToFit=1000x588&quality=75","width":1000,"height":588,"aspectRatio":1.7006802721088434},{"path":"\/sites\/k\/kin.no\/files\/2024\/11\/bilde_gjermund_larsen_redigert.jpg?cropToFit=1200x706&quality=75","width":1200,"height":706,"aspectRatio":1.6997167138810199}],"image":"\/sites\/k\/kin.no\/files\/2024\/11\/bilde_gjermund_larsen_redigert.jpg","aspect":1.694915254237288,"type":"image","description":null},"additionalData":[]},{"classes":["outercol"],"isFavourite":false,"isExternalUrl":{"articleLink":false},"articleListButtonsData":{"buttonsList":[{"label":"Les mer","url":"\/Faith-programmet-2024\/?Article=351","type":"readmore"}],"mode":"default"},"favouriteType":null,"mnu":null,"section":null,"displayId":true,"docId":351,"identifier":"351Article","docType":"Article","customDate":false,"teaserData":{"teaserText":"","mode":"default"},"content":{"teaser":"","intro":"P\u00e5 vei mot Nasjonaljubileet 2030 \u2013 tusen \u00e5r etter slaget p\u00e5 Stiklestad \u2013 utfordres vi til \u00e5 tenke over verdigrunnlaget i det norske samfunnet, b\u00e5de i et historisk og et fremtidig perspektiv. "},"titles":{"main":"Helt konge ","readMoreButton":"Les mer"},"urls":{"readMore":"\/Faith-programmet-2024\/?Article=351","booking":null},"created":{"date":"06.01.2024","time":"11:03","timestamp":1704535380},"introAllowHtml":false,"hasTicket":false,"extra":null,"hasReadMore":true,"media":{"imageData":{"path":"\/sites\/k\/kin.no\/files\/2024\/01\/illustrasjon_helt-konge_b24s.jpg","width":6000,"height":3059,"aspectRatio":1.9614253023864008},"previewImageUrl":"\/sites\/k\/kin.no\/files\/2024\/01\/illustrasjon_helt-konge_b24s.jpg?cropToFit=100x59&quality=50","imageVariants":[{"path":"\/sites\/k\/kin.no\/files\/2024\/01\/illustrasjon_helt-konge_b24s.jpg?cropToFit=100x59&quality=75","width":100,"height":59,"aspectRatio":1.694915254237288},{"path":"\/sites\/k\/kin.no\/files\/2024\/01\/illustrasjon_helt-konge_b24s.jpg?cropToFit=200x118&quality=75","width":200,"height":118,"aspectRatio":1.694915254237288},{"path":"\/sites\/k\/kin.no\/files\/2024\/01\/illustrasjon_helt-konge_b24s.jpg?cropToFit=400x235&quality=75","width":400,"height":235,"aspectRatio":1.702127659574468},{"path":"\/sites\/k\/kin.no\/files\/2024\/01\/illustrasjon_helt-konge_b24s.jpg?cropToFit=600x353&quality=75","width":600,"height":353,"aspectRatio":1.6997167138810199},{"path":"\/sites\/k\/kin.no\/files\/2024\/01\/illustrasjon_helt-konge_b24s.jpg?cropToFit=800x471&quality=75","width":800,"height":471,"aspectRatio":1.6985138004246285},{"path":"\/sites\/k\/kin.no\/files\/2024\/01\/illustrasjon_helt-konge_b24s.jpg?cropToFit=1000x588&quality=75","width":1000,"height":588,"aspectRatio":1.7006802721088434},{"path":"\/sites\/k\/kin.no\/files\/2024\/01\/illustrasjon_helt-konge_b24s.jpg?cropToFit=1200x706&quality=75","width":1200,"height":706,"aspectRatio":1.6997167138810199}],"image":"\/sites\/k\/kin.no\/files\/2024\/01\/illustrasjon_helt-konge_b24s.jpg","aspect":1.694915254237288,"type":"image","description":null},"additionalData":[]},{"classes":["outercol"],"isFavourite":false,"isExternalUrl":{"articleLink":false},"articleListButtonsData":{"buttonsList":[{"label":"Les mer","url":"\/Faith-programmet-2024\/?Article=365","type":"readmore"}],"mode":"default"},"favouriteType":null,"mnu":null,"section":null,"displayId":true,"docId":365,"identifier":"365Article","docType":"Article","customDate":false,"teaserData":{"teaserText":"","mode":"default"},"content":{"teaser":"","intro":"En installasjon med lydklipp som assosieres med tro\r\nBod\u00f8 domkirke"},"titles":{"main":"Lyden av tro ","readMoreButton":"Les mer"},"urls":{"readMore":"\/Faith-programmet-2024\/?Article=365","booking":null},"created":{"date":"06.01.2024","time":"11:43","timestamp":1704537780},"introAllowHtml":false,"hasTicket":false,"extra":null,"hasReadMore":true,"media":{"imageData":{"path":"\/sites\/k\/kin.no\/files\/2024\/01\/kirket__rnet.jpg","width":3024,"height":4032,"aspectRatio":0.75},"previewImageUrl":"\/sites\/k\/kin.no\/files\/2024\/01\/kirket__rnet.jpg?cropToFit=100x59&quality=50","imageVariants":[{"path":"\/sites\/k\/kin.no\/files\/2024\/01\/kirket__rnet.jpg?cropToFit=100x59&quality=75","width":100,"height":59,"aspectRatio":1.694915254237288},{"path":"\/sites\/k\/kin.no\/files\/2024\/01\/kirket__rnet.jpg?cropToFit=200x118&quality=75","width":200,"height":118,"aspectRatio":1.694915254237288},{"path":"\/sites\/k\/kin.no\/files\/2024\/01\/kirket__rnet.jpg?cropToFit=400x235&quality=75","width":400,"height":235,"aspectRatio":1.702127659574468},{"path":"\/sites\/k\/kin.no\/files\/2024\/01\/kirket__rnet.jpg?cropToFit=600x353&quality=75","width":600,"height":353,"aspectRatio":1.6997167138810199},{"path":"\/sites\/k\/kin.no\/files\/2024\/01\/kirket__rnet.jpg?cropToFit=800x471&quality=75","width":800,"height":471,"aspectRatio":1.6985138004246285},{"path":"\/sites\/k\/kin.no\/files\/2024\/01\/kirket__rnet.jpg?cropToFit=1000x588&quality=75","width":1000,"height":588,"aspectRatio":1.7006802721088434},{"path":"\/sites\/k\/kin.no\/files\/2024\/01\/kirket__rnet.jpg?cropToFit=1200x706&quality=75","width":1200,"height":706,"aspectRatio":1.6997167138810199}],"image":"\/sites\/k\/kin.no\/files\/2024\/01\/kirket__rnet.jpg","aspect":1.694915254237288,"type":"image","description":null},"additionalData":[]},{"classes":["outercol"],"isFavourite":false,"isExternalUrl":{"articleLink":false},"articleListButtonsData":{"buttonsList":[{"label":"Les mer","url":"\/Faith-programmet-2024\/?Article=372","type":"readmore"}],"mode":"default"},"favouriteType":null,"mnu":null,"section":null,"displayId":true,"docId":372,"identifier":"372Article","docType":"Article","customDate":false,"teaserData":{"teaserText":"","mode":"default"},"content":{"teaser":"","intro":"Kunstavisa Ka du trur - et unikt kunstverk som involverer mange barn og unge i Bod\u00f8 kulturskole"},"titles":{"main":"Kunstavisa \"Ka du trur\"","readMoreButton":"Les mer"},"urls":{"readMore":"\/Faith-programmet-2024\/?Article=372","booking":null},"created":{"date":"06.01.2024","time":"14:55","timestamp":1704549300},"introAllowHtml":false,"hasTicket":false,"extra":null,"hasReadMore":true,"media":{"imageData":{"path":"\/sites\/k\/kin.no\/files\/2024\/04\/bilde_kulturskolen_tuva_iselin_albertsen.jpg","width":778,"height":1098,"aspectRatio":0.7085610200364298},"previewImageUrl":"\/sites\/k\/kin.no\/files\/2024\/04\/bilde_kulturskolen_tuva_iselin_albertsen.jpg?cropToFit=100x59&quality=50","imageVariants":[{"path":"\/sites\/k\/kin.no\/files\/2024\/04\/bilde_kulturskolen_tuva_iselin_albertsen.jpg?cropToFit=100x59&quality=75","width":100,"height":59,"aspectRatio":1.694915254237288},{"path":"\/sites\/k\/kin.no\/files\/2024\/04\/bilde_kulturskolen_tuva_iselin_albertsen.jpg?cropToFit=200x118&quality=75","width":200,"height":118,"aspectRatio":1.694915254237288},{"path":"\/sites\/k\/kin.no\/files\/2024\/04\/bilde_kulturskolen_tuva_iselin_albertsen.jpg?cropToFit=400x235&quality=75","width":400,"height":235,"aspectRatio":1.702127659574468},{"path":"\/sites\/k\/kin.no\/files\/2024\/04\/bilde_kulturskolen_tuva_iselin_albertsen.jpg?cropToFit=600x353&quality=75","width":600,"height":353,"aspectRatio":1.6997167138810199},{"path":"\/sites\/k\/kin.no\/files\/2024\/04\/bilde_kulturskolen_tuva_iselin_albertsen.jpg?cropToFit=800x471&quality=75","width":778,"height":458,"aspectRatio":1.6986899563318778},{"path":"\/sites\/k\/kin.no\/files\/2024\/04\/bilde_kulturskolen_tuva_iselin_albertsen.jpg?cropToFit=1000x588&quality=75","width":778,"height":457,"aspectRatio":1.7024070021881839},{"path":"\/sites\/k\/kin.no\/files\/2024\/04\/bilde_kulturskolen_tuva_iselin_albertsen.jpg?cropToFit=1200x706&quality=75","width":778,"height":458,"aspectRatio":1.6986899563318778}],"image":"\/sites\/k\/kin.no\/files\/2024\/04\/bilde_kulturskolen_tuva_iselin_albertsen.jpg","aspect":1.694915254237288,"type":"image","description":null},"additionalData":[]},{"classes":["outercol"],"isFavourite":false,"isExternalUrl":{"articleLink":false},"articleListButtonsData":{"buttonsList":[{"label":"Les mer","url":"\/Faith-programmet-2024\/?Article=366","type":"readmore"}],"mode":"default"},"favouriteType":null,"mnu":null,"section":null,"displayId":true,"docId":366,"identifier":"366Article","docType":"Article","customDate":false,"teaserData":{"teaserText":"","mode":"default"},"content":{"teaser":"","intro":"Vi vil vitalisere kirkebakken som m\u00f8tested og sted for formidling av kunst, musikk og informasjon"},"titles":{"main":"Kirkebakken","readMoreButton":"Les mer"},"urls":{"readMore":"\/Faith-programmet-2024\/?Article=366","booking":null},"created":{"date":"06.01.2024","time":"11:45","timestamp":1704537900},"introAllowHtml":false,"hasTicket":false,"extra":null,"hasReadMore":true,"media":{"imageData":{"path":"\/sites\/k\/kin.no\/files\/2024\/01\/bilde9_bod___domkirke.png","width":658,"height":858,"aspectRatio":0.7668997668997669},"previewImageUrl":"\/sites\/k\/kin.no\/files\/2024\/01\/bilde9_bod___domkirke.png?cropToFit=100x59&quality=50","imageVariants":[{"path":"\/sites\/k\/kin.no\/files\/2024\/01\/bilde9_bod___domkirke.png?cropToFit=100x59&quality=75","width":100,"height":59,"aspectRatio":1.694915254237288},{"path":"\/sites\/k\/kin.no\/files\/2024\/01\/bilde9_bod___domkirke.png?cropToFit=200x118&quality=75","width":200,"height":118,"aspectRatio":1.694915254237288},{"path":"\/sites\/k\/kin.no\/files\/2024\/01\/bilde9_bod___domkirke.png?cropToFit=400x235&quality=75","width":400,"height":235,"aspectRatio":1.702127659574468},{"path":"\/sites\/k\/kin.no\/files\/2024\/01\/bilde9_bod___domkirke.png?cropToFit=600x353&quality=75","width":600,"height":353,"aspectRatio":1.6997167138810199},{"path":"\/sites\/k\/kin.no\/files\/2024\/01\/bilde9_bod___domkirke.png?cropToFit=800x471&quality=75","width":658,"height":387,"aspectRatio":1.7002583979328165},{"path":"\/sites\/k\/kin.no\/files\/2024\/01\/bilde9_bod___domkirke.png?cropToFit=1000x588&quality=75","width":658,"height":387,"aspectRatio":1.7002583979328165},{"path":"\/sites\/k\/kin.no\/files\/2024\/01\/bilde9_bod___domkirke.png?cropToFit=1200x706&quality=75","width":658,"height":387,"aspectRatio":1.7002583979328165}],"image":"\/sites\/k\/kin.no\/files\/2024\/01\/bilde9_bod___domkirke.png","aspect":1.694915254237288,"type":"image","description":null},"additionalData":[]},{"classes":["outercol"],"isFavourite":false,"isExternalUrl":{"articleLink":false},"articleListButtonsData":{"buttonsList":[{"label":"Les mer","url":"\/Faith-programmet-2024\/?Article=512","type":"readmore"}],"mode":"default"},"favouriteType":null,"mnu":null,"section":null,"displayId":true,"docId":512,"identifier":"512Article","docType":"Article","customDate":false,"teaserData":{"teaserText":"","mode":"default"},"content":{"teaser":"","intro":"En fotoutstilling om diakoni"},"titles":{"main":"Gi oss en dr\u00f8m vi kan tro p\u00e5","readMoreButton":"Les mer"},"urls":{"readMore":"\/Faith-programmet-2024\/?Article=512","booking":null},"created":{"date":"29.01.2024","time":"10:26","timestamp":1706520360},"introAllowHtml":false,"hasTicket":false,"extra":null,"hasReadMore":true,"media":{"imageData":{"path":"\/sites\/k\/kin.no\/files\/2024\/01\/diakoniutstilling.png","width":605,"height":340,"aspectRatio":1.7794117647058822},"previewImageUrl":"\/sites\/k\/kin.no\/files\/2024\/01\/diakoniutstilling.png?cropToFit=100x59&quality=50","imageVariants":[{"path":"\/sites\/k\/kin.no\/files\/2024\/01\/diakoniutstilling.png?cropToFit=100x59&quality=75","width":100,"height":59,"aspectRatio":1.694915254237288},{"path":"\/sites\/k\/kin.no\/files\/2024\/01\/diakoniutstilling.png?cropToFit=200x118&quality=75","width":200,"height":118,"aspectRatio":1.694915254237288},{"path":"\/sites\/k\/kin.no\/files\/2024\/01\/diakoniutstilling.png?cropToFit=400x235&quality=75","width":400,"height":235,"aspectRatio":1.702127659574468},{"path":"\/sites\/k\/kin.no\/files\/2024\/01\/diakoniutstilling.png?cropToFit=600x353&quality=75","width":578,"height":340,"aspectRatio":1.7},{"path":"\/sites\/k\/kin.no\/files\/2024\/01\/diakoniutstilling.png?cropToFit=800x471&quality=75","width":577,"height":340,"aspectRatio":1.6970588235294117},{"path":"\/sites\/k\/kin.no\/files\/2024\/01\/diakoniutstilling.png?cropToFit=1000x588&quality=75","width":578,"height":340,"aspectRatio":1.7},{"path":"\/sites\/k\/kin.no\/files\/2024\/01\/diakoniutstilling.png?cropToFit=1200x706&quality=75","width":578,"height":340,"aspectRatio":1.7}],"image":"\/sites\/k\/kin.no\/files\/2024\/01\/diakoniutstilling.png","aspect":1.694915254237288,"type":"image","description":null},"additionalData":[]},{"classes":["outercol"],"isFavourite":false,"isExternalUrl":{"articleLink":false},"articleListButtonsData":{"buttonsList":[{"label":"Les mer","url":"\/Faith-programmet-2024\/?Article=362","type":"readmore"}],"mode":"default"},"favouriteType":null,"mnu":null,"section":null,"displayId":true,"docId":362,"identifier":"362Article","docType":"Article","customDate":false,"teaserData":{"teaserText":"","mode":"default"},"content":{"teaser":"","intro":"Arktisk guttekorfestival arrangert av Ung Kirkesang og Ung i Kor - Bod\u00f8 domkirke\r\n "},"titles":{"main":"Arktisk guttekorfestival\u202f","readMoreButton":"Les mer"},"urls":{"readMore":"\/Faith-programmet-2024\/?Article=362","booking":null},"created":{"date":"06.01.2024","time":"11:33","timestamp":1704537180},"introAllowHtml":false,"hasTicket":false,"extra":null,"hasReadMore":true,"media":{"imageData":{"path":"\/sites\/k\/kin.no\/files\/2024\/01\/bilde_guttekorfestival.png","width":1280,"height":854,"aspectRatio":1.4988290398126465},"previewImageUrl":"\/sites\/k\/kin.no\/files\/2024\/01\/bilde_guttekorfestival.png?cropToFit=100x59&quality=50","imageVariants":[{"path":"\/sites\/k\/kin.no\/files\/2024\/01\/bilde_guttekorfestival.png?cropToFit=100x59&quality=75","width":100,"height":59,"aspectRatio":1.694915254237288},{"path":"\/sites\/k\/kin.no\/files\/2024\/01\/bilde_guttekorfestival.png?cropToFit=200x118&quality=75","width":200,"height":118,"aspectRatio":1.694915254237288},{"path":"\/sites\/k\/kin.no\/files\/2024\/01\/bilde_guttekorfestival.png?cropToFit=400x235&quality=75","width":400,"height":235,"aspectRatio":1.702127659574468},{"path":"\/sites\/k\/kin.no\/files\/2024\/01\/bilde_guttekorfestival.png?cropToFit=600x353&quality=75","width":600,"height":353,"aspectRatio":1.6997167138810199},{"path":"\/sites\/k\/kin.no\/files\/2024\/01\/bilde_guttekorfestival.png?cropToFit=800x471&quality=75","width":800,"height":471,"aspectRatio":1.6985138004246285},{"path":"\/sites\/k\/kin.no\/files\/2024\/01\/bilde_guttekorfestival.png?cropToFit=1000x588&quality=75","width":1000,"height":588,"aspectRatio":1.7006802721088434},{"path":"\/sites\/k\/kin.no\/files\/2024\/01\/bilde_guttekorfestival.png?cropToFit=1200x706&quality=75","width":1200,"height":706,"aspectRatio":1.6997167138810199}],"image":"\/sites\/k\/kin.no\/files\/2024\/01\/bilde_guttekorfestival.png","aspect":1.694915254237288,"type":"image","description":null},"additionalData":[]},{"classes":["outercol"],"isFavourite":false,"isExternalUrl":{"articleLink":false},"articleListButtonsData":{"buttonsList":[{"label":"Les mer","url":"\/Faith-programmet-2024\/?Article=363","type":"readmore"}],"mode":"default"},"favouriteType":null,"mnu":null,"section":null,"displayId":true,"docId":363,"identifier":"363Article","docType":"Article","customDate":false,"teaserData":{"teaserText":"","mode":"default"},"content":{"teaser":"","intro":"Et symposium i B\u00f8, Vester\u00e5len, med 8 internasjonale skulpt\u00f8rer"},"titles":{"main":"Skulpturpark Vester\u00e5len \u2013 Hogget i stein! ","readMoreButton":"Les mer"},"urls":{"readMore":"\/Faith-programmet-2024\/?Article=363","booking":null},"created":{"date":"06.01.2024","time":"11:38","timestamp":1704537480},"introAllowHtml":false,"hasTicket":false,"extra":null,"hasReadMore":true,"media":{"imageData":{"path":"\/sites\/k\/kin.no\/files\/2024\/01\/bilde10_hogget_i_stein.png","width":1522,"height":858,"aspectRatio":1.7738927738927739},"previewImageUrl":"\/sites\/k\/kin.no\/files\/2024\/01\/bilde10_hogget_i_stein.png?cropToFit=100x59&quality=50","imageVariants":[{"path":"\/sites\/k\/kin.no\/files\/2024\/01\/bilde10_hogget_i_stein.png?cropToFit=100x59&quality=75","width":100,"height":59,"aspectRatio":1.694915254237288},{"path":"\/sites\/k\/kin.no\/files\/2024\/01\/bilde10_hogget_i_stein.png?cropToFit=200x118&quality=75","width":200,"height":118,"aspectRatio":1.694915254237288},{"path":"\/sites\/k\/kin.no\/files\/2024\/01\/bilde10_hogget_i_stein.png?cropToFit=400x235&quality=75","width":400,"height":235,"aspectRatio":1.702127659574468},{"path":"\/sites\/k\/kin.no\/files\/2024\/01\/bilde10_hogget_i_stein.png?cropToFit=600x353&quality=75","width":600,"height":353,"aspectRatio":1.6997167138810199},{"path":"\/sites\/k\/kin.no\/files\/2024\/01\/bilde10_hogget_i_stein.png?cropToFit=800x471&quality=75","width":800,"height":471,"aspectRatio":1.6985138004246285},{"path":"\/sites\/k\/kin.no\/files\/2024\/01\/bilde10_hogget_i_stein.png?cropToFit=1000x588&quality=75","width":1000,"height":588,"aspectRatio":1.7006802721088434},{"path":"\/sites\/k\/kin.no\/files\/2024\/01\/bilde10_hogget_i_stein.png?cropToFit=1200x706&quality=75","width":1200,"height":706,"aspectRatio":1.6997167138810199}],"image":"\/sites\/k\/kin.no\/files\/2024\/01\/bilde10_hogget_i_stein.png","aspect":1.694915254237288,"type":"image","description":null},"additionalData":[]},{"classes":["outercol"],"isFavourite":false,"isExternalUrl":{"articleLink":false},"articleListButtonsData":{"buttonsList":[{"label":"Les mer","url":"\/Faith-programmet-2024\/?Article=364","type":"readmore"}],"mode":"default"},"favouriteType":null,"mnu":null,"section":null,"displayId":true,"docId":364,"identifier":"364Article","docType":"Article","customDate":false,"teaserData":{"teaserText":"","mode":"default"},"content":{"teaser":"","intro":"Byspill i Mosj\u00f8en"},"titles":{"main":"\u00c5 KOM\u00b4 HEIM - et musikalsk spel om Dolstad-kjerko ","readMoreButton":"Les mer"},"urls":{"readMore":"\/Faith-programmet-2024\/?Article=364","booking":null},"created":{"date":"06.01.2024","time":"11:41","timestamp":1704537660},"introAllowHtml":false,"hasTicket":false,"extra":null,"hasReadMore":true,"media":{"imageData":{"path":"\/sites\/k\/kin.no\/files\/2024\/01\/bilde6_dolstad_kirke.png","width":1440,"height":810,"aspectRatio":1.7777777777777777},"previewImageUrl":"\/sites\/k\/kin.no\/files\/2024\/01\/bilde6_dolstad_kirke.png?cropToFit=100x59&quality=50","imageVariants":[{"path":"\/sites\/k\/kin.no\/files\/2024\/01\/bilde6_dolstad_kirke.png?cropToFit=100x59&quality=75","width":100,"height":59,"aspectRatio":1.694915254237288},{"path":"\/sites\/k\/kin.no\/files\/2024\/01\/bilde6_dolstad_kirke.png?cropToFit=200x118&quality=75","width":200,"height":118,"aspectRatio":1.694915254237288},{"path":"\/sites\/k\/kin.no\/files\/2024\/01\/bilde6_dolstad_kirke.png?cropToFit=400x235&quality=75","width":400,"height":235,"aspectRatio":1.702127659574468},{"path":"\/sites\/k\/kin.no\/files\/2024\/01\/bilde6_dolstad_kirke.png?cropToFit=600x353&quality=75","width":600,"height":353,"aspectRatio":1.6997167138810199},{"path":"\/sites\/k\/kin.no\/files\/2024\/01\/bilde6_dolstad_kirke.png?cropToFit=800x471&quality=75","width":800,"height":471,"aspectRatio":1.6985138004246285},{"path":"\/sites\/k\/kin.no\/files\/2024\/01\/bilde6_dolstad_kirke.png?cropToFit=1000x588&quality=75","width":1000,"height":588,"aspectRatio":1.7006802721088434},{"path":"\/sites\/k\/kin.no\/files\/2024\/01\/bilde6_dolstad_kirke.png?cropToFit=1200x706&quality=75","width":1200,"height":706,"aspectRatio":1.6997167138810199}],"image":"\/sites\/k\/kin.no\/files\/2024\/01\/bilde6_dolstad_kirke.png","aspect":1.694915254237288,"type":"image","description":null},"additionalData":[]},{"classes":["outercol"],"isFavourite":false,"isExternalUrl":{"articleLink":false},"articleListButtonsData":{"buttonsList":[{"label":"Les mer","url":"\/Faith-programmet-2024\/?Article=357","type":"readmore"}],"mode":"default"},"favouriteType":null,"mnu":null,"section":null,"displayId":true,"docId":357,"identifier":"357Article","docType":"Article","customDate":false,"teaserData":{"teaserText":"","mode":"default"},"content":{"teaser":"","intro":"Kunstutstilling"},"titles":{"main":"\u201cQueer Ways\u201d - en skeiv pilegrimsreise\u202f- Pride Art  ","readMoreButton":"Les mer"},"urls":{"readMore":"\/Faith-programmet-2024\/?Article=357","booking":null},"created":{"date":"06.01.2024","time":"11:26","timestamp":1704536760},"introAllowHtml":false,"hasTicket":false,"extra":null,"hasReadMore":true,"media":{"imageData":{"path":"\/sites\/k\/kin.no\/files\/2024\/01\/pride_art.jpg","width":8000,"height":8000,"aspectRatio":1},"previewImageUrl":"\/sites\/k\/kin.no\/files\/2024\/01\/pride_art.jpg?cropToFit=100x59&quality=50","imageVariants":[{"path":"\/sites\/k\/kin.no\/files\/2024\/01\/pride_art.jpg?cropToFit=100x59&quality=75","width":100,"height":59,"aspectRatio":1.694915254237288},{"path":"\/sites\/k\/kin.no\/files\/2024\/01\/pride_art.jpg?cropToFit=200x118&quality=75","width":200,"height":118,"aspectRatio":1.694915254237288},{"path":"\/sites\/k\/kin.no\/files\/2024\/01\/pride_art.jpg?cropToFit=400x235&quality=75","width":400,"height":235,"aspectRatio":1.702127659574468},{"path":"\/sites\/k\/kin.no\/files\/2024\/01\/pride_art.jpg?cropToFit=600x353&quality=75","width":600,"height":353,"aspectRatio":1.6997167138810199},{"path":"\/sites\/k\/kin.no\/files\/2024\/01\/pride_art.jpg?cropToFit=800x471&quality=75","width":800,"height":471,"aspectRatio":1.6985138004246285},{"path":"\/sites\/k\/kin.no\/files\/2024\/01\/pride_art.jpg?cropToFit=1000x588&quality=75","width":1000,"height":588,"aspectRatio":1.7006802721088434},{"path":"\/sites\/k\/kin.no\/files\/2024\/01\/pride_art.jpg?cropToFit=1200x706&quality=75","width":1200,"height":706,"aspectRatio":1.6997167138810199}],"image":"\/sites\/k\/kin.no\/files\/2024\/01\/pride_art.jpg","aspect":1.694915254237288,"type":"image","description":null},"additionalData":[]},{"classes":["outercol"],"isFavourite":false,"isExternalUrl":{"articleLink":false},"articleListButtonsData":{"buttonsList":[{"label":"Les mer","url":"\/Faith-programmet-2024\/?Article=648","type":"readmore"}],"mode":"default"},"favouriteType":null,"mnu":null,"section":null,"displayId":true,"docId":648,"identifier":"648Article","docType":"Article","customDate":false,"teaserData":{"teaserText":"","mode":"default"},"content":{"teaser":"","intro":"Under Samisk kirkelivskonferanse arrangeres samisk salmekveld"},"titles":{"main":"Mij\u00e1 s\u00e1lma - V\u00e5rres salma","readMoreButton":"Les mer"},"urls":{"readMore":"\/Faith-programmet-2024\/?Article=648","booking":null},"created":{"date":"05.05.2024","time":"09:36","timestamp":1714894560},"introAllowHtml":false,"hasTicket":false,"extra":null,"hasReadMore":true,"media":{"imageData":{"path":"\/sites\/k\/kin.no\/files\/2024\/05\/v__rres_salma.jpg","width":992,"height":1488,"aspectRatio":0.6666666666666666},"previewImageUrl":"\/sites\/k\/kin.no\/files\/2024\/05\/v__rres_salma.jpg?cropToFit=100x59&quality=50","imageVariants":[{"path":"\/sites\/k\/kin.no\/files\/2024\/05\/v__rres_salma.jpg?cropToFit=100x59&quality=75","width":100,"height":59,"aspectRatio":1.694915254237288},{"path":"\/sites\/k\/kin.no\/files\/2024\/05\/v__rres_salma.jpg?cropToFit=200x118&quality=75","width":200,"height":118,"aspectRatio":1.694915254237288},{"path":"\/sites\/k\/kin.no\/files\/2024\/05\/v__rres_salma.jpg?cropToFit=400x235&quality=75","width":400,"height":235,"aspectRatio":1.702127659574468},{"path":"\/sites\/k\/kin.no\/files\/2024\/05\/v__rres_salma.jpg?cropToFit=600x353&quality=75","width":600,"height":353,"aspectRatio":1.6997167138810199},{"path":"\/sites\/k\/kin.no\/files\/2024\/05\/v__rres_salma.jpg?cropToFit=800x471&quality=75","width":800,"height":471,"aspectRatio":1.6985138004246285},{"path":"\/sites\/k\/kin.no\/files\/2024\/05\/v__rres_salma.jpg?cropToFit=1000x588&quality=75","width":992,"height":583,"aspectRatio":1.7015437392795882},{"path":"\/sites\/k\/kin.no\/files\/2024\/05\/v__rres_salma.jpg?cropToFit=1200x706&quality=75","width":992,"height":584,"aspectRatio":1.6986301369863013}],"image":"\/sites\/k\/kin.no\/files\/2024\/05\/v__rres_salma.jpg","aspect":1.694915254237288,"type":"image","description":null},"additionalData":[]},{"classes":["outercol"],"isFavourite":false,"isExternalUrl":{"articleLink":false},"articleListButtonsData":{"buttonsList":[{"label":"Les mer","url":"\/Faith-programmet-2024\/?Article=369","type":"readmore"}],"mode":"default"},"favouriteType":null,"mnu":null,"section":null,"displayId":true,"docId":369,"identifier":"369Article","docType":"Article","customDate":false,"teaserData":{"teaserText":"","mode":"default"},"content":{"teaser":"","intro":"En forestilling med samiske salmer, sanger og joiker fra S\u00e1pmi"},"titles":{"main":"B\u00e4gga \u00c1vah\u00e1vdest - Vinden fra \u00c1rah\u00e1vdi  ","readMoreButton":"Les mer"},"urls":{"readMore":"\/Faith-programmet-2024\/?Article=369","booking":null},"created":{"date":"06.01.2024","time":"14:49","timestamp":1704548940},"introAllowHtml":false,"hasTicket":false,"extra":null,"hasReadMore":true,"media":{"imageData":{"path":"\/sites\/k\/kin.no\/files\/2024\/01\/arahavdi_logo_r__d__002_.jpg","width":2130,"height":1882,"aspectRatio":1.1317747077577045},"previewImageUrl":"\/sites\/k\/kin.no\/files\/2024\/01\/arahavdi_logo_r__d__002_.jpg?cropToFit=100x59&quality=50","imageVariants":[{"path":"\/sites\/k\/kin.no\/files\/2024\/01\/arahavdi_logo_r__d__002_.jpg?cropToFit=100x59&quality=75","width":100,"height":59,"aspectRatio":1.694915254237288},{"path":"\/sites\/k\/kin.no\/files\/2024\/01\/arahavdi_logo_r__d__002_.jpg?cropToFit=200x118&quality=75","width":200,"height":118,"aspectRatio":1.694915254237288},{"path":"\/sites\/k\/kin.no\/files\/2024\/01\/arahavdi_logo_r__d__002_.jpg?cropToFit=400x235&quality=75","width":400,"height":235,"aspectRatio":1.702127659574468},{"path":"\/sites\/k\/kin.no\/files\/2024\/01\/arahavdi_logo_r__d__002_.jpg?cropToFit=600x353&quality=75","width":600,"height":353,"aspectRatio":1.6997167138810199},{"path":"\/sites\/k\/kin.no\/files\/2024\/01\/arahavdi_logo_r__d__002_.jpg?cropToFit=800x471&quality=75","width":800,"height":471,"aspectRatio":1.6985138004246285},{"path":"\/sites\/k\/kin.no\/files\/2024\/01\/arahavdi_logo_r__d__002_.jpg?cropToFit=1000x588&quality=75","width":1000,"height":588,"aspectRatio":1.7006802721088434},{"path":"\/sites\/k\/kin.no\/files\/2024\/01\/arahavdi_logo_r__d__002_.jpg?cropToFit=1200x706&quality=75","width":1200,"height":706,"aspectRatio":1.6997167138810199}],"image":"\/sites\/k\/kin.no\/files\/2024\/01\/arahavdi_logo_r__d__002_.jpg","aspect":1.694915254237288,"type":"image","description":null},"additionalData":[]},{"classes":["outercol"],"isFavourite":false,"isExternalUrl":{"articleLink":false},"articleListButtonsData":{"buttonsList":[{"label":"Les mer","url":"\/Faith-programmet-2024\/?Article=367","type":"readmore"}],"mode":"default"},"favouriteType":null,"mnu":null,"section":null,"displayId":true,"docId":367,"identifier":"367Article","docType":"Article","customDate":false,"teaserData":{"teaserText":"","mode":"default"},"content":{"teaser":"","intro":"Konsert i samarbeid med Bod\u00f8 domkor"},"titles":{"main":"Kajsa Balto featuring Bod\u00f8 domkor","readMoreButton":"Les mer"},"urls":{"readMore":"\/Faith-programmet-2024\/?Article=367","booking":null},"created":{"date":"06.01.2024","time":"11:53","timestamp":1704538380},"introAllowHtml":false,"hasTicket":false,"extra":null,"hasReadMore":true,"media":{"imageData":{"path":"\/sites\/k\/kin.no\/files\/2024\/01\/bilde4_kaisa_balto.png","width":1271,"height":858,"aspectRatio":1.4813519813519813},"previewImageUrl":"\/sites\/k\/kin.no\/files\/2024\/01\/bilde4_kaisa_balto.png?cropToFit=100x59&quality=50","imageVariants":[{"path":"\/sites\/k\/kin.no\/files\/2024\/01\/bilde4_kaisa_balto.png?cropToFit=100x59&quality=75","width":100,"height":59,"aspectRatio":1.694915254237288},{"path":"\/sites\/k\/kin.no\/files\/2024\/01\/bilde4_kaisa_balto.png?cropToFit=200x118&quality=75","width":200,"height":118,"aspectRatio":1.694915254237288},{"path":"\/sites\/k\/kin.no\/files\/2024\/01\/bilde4_kaisa_balto.png?cropToFit=400x235&quality=75","width":400,"height":235,"aspectRatio":1.702127659574468},{"path":"\/sites\/k\/kin.no\/files\/2024\/01\/bilde4_kaisa_balto.png?cropToFit=600x353&quality=75","width":600,"height":353,"aspectRatio":1.6997167138810199},{"path":"\/sites\/k\/kin.no\/files\/2024\/01\/bilde4_kaisa_balto.png?cropToFit=800x471&quality=75","width":800,"height":471,"aspectRatio":1.6985138004246285},{"path":"\/sites\/k\/kin.no\/files\/2024\/01\/bilde4_kaisa_balto.png?cropToFit=1000x588&quality=75","width":1000,"height":588,"aspectRatio":1.7006802721088434},{"path":"\/sites\/k\/kin.no\/files\/2024\/01\/bilde4_kaisa_balto.png?cropToFit=1200x706&quality=75","width":1200,"height":706,"aspectRatio":1.6997167138810199}],"image":"\/sites\/k\/kin.no\/files\/2024\/01\/bilde4_kaisa_balto.png","aspect":1.694915254237288,"type":"image","description":null},"additionalData":[]},{"classes":["outercol"],"isFavourite":false,"isExternalUrl":{"articleLink":false},"articleListButtonsData":{"buttonsList":[{"label":"Les mer","url":"\/Faith-programmet-2024\/?Article=776","type":"readmore"}],"mode":"default"},"favouriteType":null,"mnu":null,"section":null,"displayId":true,"docId":776,"identifier":"776Article","docType":"Article","customDate":false,"teaserData":{"teaserText":"","mode":"default"},"content":{"teaser":"","intro":"\u00c1jles iednam - Hellige jord er et arrangement med foredrag, samtaler\/refleksjoner om samisk \u00e5ndelighet, og eksempler p\u00e5 samiske salmer og samisk tradisjonsmusikk."},"titles":{"main":"ARCTICulations of Faith: \u00c1jles iednam - Hellige jord","readMoreButton":"Les mer"},"urls":{"readMore":"\/Faith-programmet-2024\/?Article=776","booking":null},"created":{"date":"16.09.2024","time":"13:03","timestamp":1726484580},"introAllowHtml":false,"hasTicket":false,"extra":null,"hasReadMore":true,"media":{"imageData":{"path":"\/sites\/k\/kin.no\/files\/2024\/09\/pitesamisk_fjell.jpg","width":2500,"height":1667,"aspectRatio":1.4997000599880024},"previewImageUrl":"\/sites\/k\/kin.no\/files\/2024\/09\/pitesamisk_fjell.jpg?cropToFit=100x59&quality=50","imageVariants":[{"path":"\/sites\/k\/kin.no\/files\/2024\/09\/pitesamisk_fjell.jpg?cropToFit=100x59&quality=75","width":100,"height":59,"aspectRatio":1.694915254237288},{"path":"\/sites\/k\/kin.no\/files\/2024\/09\/pitesamisk_fjell.jpg?cropToFit=200x118&quality=75","width":200,"height":118,"aspectRatio":1.694915254237288},{"path":"\/sites\/k\/kin.no\/files\/2024\/09\/pitesamisk_fjell.jpg?cropToFit=400x235&quality=75","width":400,"height":235,"aspectRatio":1.702127659574468},{"path":"\/sites\/k\/kin.no\/files\/2024\/09\/pitesamisk_fjell.jpg?cropToFit=600x353&quality=75","width":600,"height":353,"aspectRatio":1.6997167138810199},{"path":"\/sites\/k\/kin.no\/files\/2024\/09\/pitesamisk_fjell.jpg?cropToFit=800x471&quality=75","width":800,"height":471,"aspectRatio":1.6985138004246285},{"path":"\/sites\/k\/kin.no\/files\/2024\/09\/pitesamisk_fjell.jpg?cropToFit=1000x588&quality=75","width":1000,"height":588,"aspectRatio":1.7006802721088434},{"path":"\/sites\/k\/kin.no\/files\/2024\/09\/pitesamisk_fjell.jpg?cropToFit=1200x706&quality=75","width":1200,"height":706,"aspectRatio":1.6997167138810199}],"image":"\/sites\/k\/kin.no\/files\/2024\/09\/pitesamisk_fjell.jpg","aspect":1.694915254237288,"type":"image","description":null},"additionalData":[]},{"classes":["outercol"],"isFavourite":false,"isExternalUrl":{"articleLink":false},"articleListButtonsData":{"buttonsList":[{"label":"Les mer","url":"\/Faith-programmet-2024\/?Article=843","type":"readmore"}],"mode":"default"},"favouriteType":null,"mnu":null,"section":null,"displayId":true,"docId":843,"identifier":"843Article","docType":"Article","customDate":false,"teaserData":{"teaserText":"","mode":"default"},"content":{"teaser":"","intro":"I to foreg\u00e5ende \u00e5r har det v\u00e6rt s\u00f8kbare midler til utvikling av ARCTICulations of Fatih-prosjekter i Nordland"},"titles":{"main":"Prosjekter som allerede er gjennomf\u00f8rt (2022\/2023):","readMoreButton":"Les mer"},"urls":{"readMore":"\/Faith-programmet-2024\/?Article=843","booking":null},"created":{"date":"28.10.2024","time":"14:26","timestamp":1730121960},"introAllowHtml":false,"hasTicket":false,"extra":null,"hasReadMore":true,"media":{"imageData":{"path":"\/sites\/k\/kin.no\/files\/gildesk__l_tollef_5.jpg","width":1512,"height":2016,"aspectRatio":0.75},"previewImageUrl":"\/sites\/k\/kin.no\/files\/gildesk__l_tollef_5.jpg?cropToFit=100x59&quality=50","imageVariants":[{"path":"\/sites\/k\/kin.no\/files\/gildesk__l_tollef_5.jpg?cropToFit=100x59&quality=75","width":100,"height":59,"aspectRatio":1.694915254237288},{"path":"\/sites\/k\/kin.no\/files\/gildesk__l_tollef_5.jpg?cropToFit=200x118&quality=75","width":200,"height":118,"aspectRatio":1.694915254237288},{"path":"\/sites\/k\/kin.no\/files\/gildesk__l_tollef_5.jpg?cropToFit=400x235&quality=75","width":400,"height":235,"aspectRatio":1.702127659574468},{"path":"\/sites\/k\/kin.no\/files\/gildesk__l_tollef_5.jpg?cropToFit=600x353&quality=75","width":600,"height":353,"aspectRatio":1.6997167138810199},{"path":"\/sites\/k\/kin.no\/files\/gildesk__l_tollef_5.jpg?cropToFit=800x471&quality=75","width":800,"height":471,"aspectRatio":1.6985138004246285},{"path":"\/sites\/k\/kin.no\/files\/gildesk__l_tollef_5.jpg?cropToFit=1000x588&quality=75","width":1000,"height":588,"aspectRatio":1.7006802721088434},{"path":"\/sites\/k\/kin.no\/files\/gildesk__l_tollef_5.jpg?cropToFit=1200x706&quality=75","width":1200,"height":706,"aspectRatio":1.6997167138810199}],"image":"\/sites\/k\/kin.no\/files\/gildesk__l_tollef_5.jpg","aspect":1.694915254237288,"type":"image","description":null},"additionalData":[]}],"pages":[1],"currentPage":1,"sections":[]}